{"id":2301,"date":"2025-05-21T12:34:09","date_gmt":"2025-05-21T12:34:09","guid":{"rendered":"https:\/\/amazonconservationconnections.com\/noticias\/"},"modified":"2026-08-04T20:47:46","modified_gmt":"2026-08-04T20:47:46","slug":"noticias","status":"publish","type":"page","link":"https:\/\/amazonconservationconnections.com\/pt-br\/noticias\/","title":{"rendered":"Not\u00edcias"},"content":{"rendered":"\t\t<div data-elementor-type=\"wp-page\" data-elementor-id=\"2301\" class=\"elementor elementor-2301 elementor-1299\" data-elementor-post-type=\"page\">\n\t\t\t\t<div class=\"elementor-element elementor-element-c27428a e-flex e-con-boxed e-con e-parent\" data-id=\"c27428a\" data-element_type=\"container\" data-e-type=\"container\" data-settings=\"{&quot;background_background&quot;:&quot;classic&quot;}\">\n\t\t\t\t\t<div class=\"e-con-inner\">\n\t\t\t\t<div class=\"elementor-element elementor-element-fe440ef elementor-widget elementor-widget-heading\" data-id=\"fe440ef\" data-element_type=\"widget\" data-e-type=\"widget\" data-widget_type=\"heading.default\">\n\t\t\t\t<div class=\"elementor-widget-container\">\n\t\t\t\t\t<h2 class=\"elementor-heading-title elementor-size-default\">Not\u00edcias e atualiza\u00e7\u00f5es <br>do Poder das Conex\u00f5es \n<\/h2>\t\t\t\t<\/div>\n\t\t\t\t<\/div>\n\t\t\t\t<div class=\"elementor-element elementor-element-982005e elementor-widget__width-initial elementor-widget-tablet__width-initial elementor-widget elementor-widget-text-editor\" data-id=\"982005e\" data-element_type=\"widget\" data-e-type=\"widget\" data-widget_type=\"text-editor.default\">\n\t\t\t\t<div class=\"elementor-widget-container\">\n\t\t\t\t\t\t\t\t\t<p>Bem-vindo ao projeto Poder das Conex\u00f5es: Colhendo Li\u00e7\u00f5es e Fortalecendo Coaliz\u00f5es para a Conserva\u00e7\u00e3o Amaz\u00f4nica. Aqui, compartilhamos os desenvolvimentos mais recentes, resumos de eventos, hist\u00f3rias de campo e reflex\u00f5es de toda a Bacia Amaz\u00f4nica. Mantenha-se conectado com as pessoas, parcerias e ideias que est\u00e3o moldando o futuro da conserva\u00e7\u00e3o e do desenvolvimento sustent\u00e1vel na regi\u00e3o.<\/p>\t\t\t\t\t\t\t\t<\/div>\n\t\t\t\t<\/div>\n\t\t\t\t\t<\/div>\n\t\t\t\t<\/div>\n\t\t<div class=\"elementor-element elementor-element-2azxhco e-flex e-con-boxed e-con e-parent\" data-id=\"2azxhco\" data-element_type=\"container\" data-e-type=\"container\" data-settings=\"{&quot;background_background&quot;:&quot;classic&quot;}\">\n\t\t\t\t\t<div class=\"e-con-inner\">\n\t\t<div class=\"elementor-element elementor-element-e1fa399 e-con-full e-flex e-con e-child\" data-id=\"e1fa399\" data-element_type=\"container\" data-e-type=\"container\">\n\t\t\t\t<div class=\"elementor-element elementor-element-95f28b7 elementor-grid-3 elementor-grid-tablet-2 elementor-grid-mobile-1 elementor-posts--thumbnail-top elementor-card-shadow-yes elementor-posts__hover-gradient elementor-widget elementor-widget-posts\" data-id=\"95f28b7\" data-element_type=\"widget\" data-e-type=\"widget\" data-settings=\"{&quot;cards_columns&quot;:&quot;3&quot;,&quot;cards_columns_tablet&quot;:&quot;2&quot;,&quot;cards_columns_mobile&quot;:&quot;1&quot;,&quot;cards_row_gap&quot;:{&quot;unit&quot;:&quot;px&quot;,&quot;size&quot;:35,&quot;sizes&quot;:[]},&quot;cards_row_gap_tablet&quot;:{&quot;unit&quot;:&quot;px&quot;,&quot;size&quot;:&quot;&quot;,&quot;sizes&quot;:[]},&quot;cards_row_gap_mobile&quot;:{&quot;unit&quot;:&quot;px&quot;,&quot;size&quot;:&quot;&quot;,&quot;sizes&quot;:[]}}\" data-widget_type=\"posts.cards\">\n\t\t\t\t<div class=\"elementor-widget-container\">\n\t\t\t\t\t\t\t<div class=\"elementor-posts-container elementor-posts elementor-posts--skin-cards elementor-grid\" role=\"list\">\n\t\t\t\t<article class=\"elementor-post elementor-grid-item post-10497 post type-post status-publish format-standard has-post-thumbnail hentry category-noticias category-sem-categoria\" role=\"listitem\">\n\t\t\t<div class=\"elementor-post__card\">\n\t\t\t\t<a class=\"elementor-post__thumbnail__link\" href=\"https:\/\/amazonconservationconnections.com\/pt-br\/new-ipe-technical-report-highlights-lessons-for-strengthening-pan-amazonian-sociobioeconomies-and-conservation-finance\/\" tabindex=\"-1\" ><div class=\"elementor-post__thumbnail\"><img fetchpriority=\"high\" decoding=\"async\" width=\"300\" height=\"212\" src=\"https:\/\/amazonconservationconnections.com\/wp-content\/uploads\/2026\/08\/Screenshot-2026-08-04-at-1.56.21-PM-300x212.png\" class=\"attachment-medium size-medium wp-image-10523\" alt=\"\" srcset=\"https:\/\/amazonconservationconnections.com\/wp-content\/uploads\/2026\/08\/Screenshot-2026-08-04-at-1.56.21-PM-300x212.png 300w, https:\/\/amazonconservationconnections.com\/wp-content\/uploads\/2026\/08\/Screenshot-2026-08-04-at-1.56.21-PM-1024x722.png 1024w, https:\/\/amazonconservationconnections.com\/wp-content\/uploads\/2026\/08\/Screenshot-2026-08-04-at-1.56.21-PM-768x542.png 768w, https:\/\/amazonconservationconnections.com\/wp-content\/uploads\/2026\/08\/Screenshot-2026-08-04-at-1.56.21-PM-1536x1083.png 1536w, https:\/\/amazonconservationconnections.com\/wp-content\/uploads\/2026\/08\/Screenshot-2026-08-04-at-1.56.21-PM.png 1960w\" sizes=\"(max-width: 300px) 100vw, 300px\" \/><\/div><\/a>\n\t\t\t\t<div class=\"elementor-post__text\">\n\t\t\t\t<h3 class=\"elementor-post__title\">\n\t\t\t<a href=\"https:\/\/amazonconservationconnections.com\/pt-br\/new-ipe-technical-report-highlights-lessons-for-strengthening-pan-amazonian-sociobioeconomies-and-conservation-finance\/\" >\n\t\t\t\tNova publica\u00e7\u00e3o do IP\u00ca e da UF\/TCD destaca as metodologias dos workshops do Power of Connections utilizadas para captar li\u00e7\u00f5es aprendidas e fortalecer coaliz\u00f5es para as Sociobioeconomias e o Financiamento para a Conserva\u00e7\u00e3o na Pan-Amaz\u00f4nia\t\t\t<\/a>\n\t\t<\/h3>\n\t\t\t\t<div class=\"elementor-post__excerpt\">\n\t\t\t<p>Veja a nova publica\u00e7\u00e3o aqui.<\/p>\n\t\t<\/div>\n\t\t\n\t\t<a class=\"elementor-post__read-more\" href=\"https:\/\/amazonconservationconnections.com\/pt-br\/new-ipe-technical-report-highlights-lessons-for-strengthening-pan-amazonian-sociobioeconomies-and-conservation-finance\/\" aria-label=\"Leia mais sobre Nova publica\u00e7\u00e3o do IP\u00ca e da UF\/TCD destaca as metodologias dos workshops do Power of Connections utilizadas para captar li\u00e7\u00f5es aprendidas e fortalecer coaliz\u00f5es para as Sociobioeconomias e o Financiamento para a Conserva\u00e7\u00e3o na Pan-Amaz\u00f4nia\" tabindex=\"-1\" >\n\t\t\tLeia Mais \u00bb\t\t<\/a>\n\n\t\t\t\t<\/div>\n\t\t\t\t\t<\/div>\n\t\t<\/article>\n\t\t\t\t<article class=\"elementor-post elementor-grid-item post-9931 post type-post status-publish format-standard has-post-thumbnail hentry category-noticias\" role=\"listitem\">\n\t\t\t<div class=\"elementor-post__card\">\n\t\t\t\t<a class=\"elementor-post__thumbnail__link\" href=\"https:\/\/amazonconservationconnections.com\/pt-br\/read-the-spring-2026-latinamericanist-featuring-the-poc-project\/\" tabindex=\"-1\" ><div class=\"elementor-post__thumbnail\"><img decoding=\"async\" width=\"300\" height=\"173\" src=\"https:\/\/amazonconservationconnections.com\/wp-content\/uploads\/2026\/07\/Screenshot-2026-07-21-at-12.00.32-PM-300x173.png\" class=\"attachment-medium size-medium wp-image-9929\" alt=\"\" srcset=\"https:\/\/amazonconservationconnections.com\/wp-content\/uploads\/2026\/07\/Screenshot-2026-07-21-at-12.00.32-PM-300x173.png 300w, https:\/\/amazonconservationconnections.com\/wp-content\/uploads\/2026\/07\/Screenshot-2026-07-21-at-12.00.32-PM-1024x592.png 1024w, https:\/\/amazonconservationconnections.com\/wp-content\/uploads\/2026\/07\/Screenshot-2026-07-21-at-12.00.32-PM-768x444.png 768w, https:\/\/amazonconservationconnections.com\/wp-content\/uploads\/2026\/07\/Screenshot-2026-07-21-at-12.00.32-PM.png 1142w\" sizes=\"(max-width: 300px) 100vw, 300px\" \/><\/div><\/a>\n\t\t\t\t<div class=\"elementor-post__text\">\n\t\t\t\t<h3 class=\"elementor-post__title\">\n\t\t\t<a href=\"https:\/\/amazonconservationconnections.com\/pt-br\/read-the-spring-2026-latinamericanist-featuring-the-poc-project\/\" >\n\t\t\t\tLeia a edi\u00e7\u00e3o da primavera de 2026 da Latinamericanist, que destaca a nossa Confer\u00eancia de Gainesville.\t\t\t<\/a>\n\t\t<\/h3>\n\t\t\t\t<div class=\"elementor-post__excerpt\">\n\t\t\t<p>A publica\u00e7\u00e3o The Latinamericanist destaca o impacto do Centro de Estudos Latino-Americanos da UF por meio das experi\u00eancias e realiza\u00e7\u00f5es de seus alunos, corpo docente, ex-alunos e funcion\u00e1rios.<\/p>\n\t\t<\/div>\n\t\t\n\t\t<a class=\"elementor-post__read-more\" href=\"https:\/\/amazonconservationconnections.com\/pt-br\/read-the-spring-2026-latinamericanist-featuring-the-poc-project\/\" aria-label=\"Leia mais sobre Leia a edi\u00e7\u00e3o da primavera de 2026 da Latinamericanist, que destaca a nossa Confer\u00eancia de Gainesville.\" tabindex=\"-1\" >\n\t\t\tLeia Mais \u00bb\t\t<\/a>\n\n\t\t\t\t<\/div>\n\t\t\t\t\t<\/div>\n\t\t<\/article>\n\t\t\t\t<article class=\"elementor-post elementor-grid-item post-3983 post type-post status-publish format-standard has-post-thumbnail hentry category-noticias\" role=\"listitem\">\n\t\t\t<div class=\"elementor-post__card\">\n\t\t\t\t<a class=\"elementor-post__thumbnail__link\" href=\"https:\/\/amazonconservationconnections.com\/pt-br\/oficina-pan-amazonica-foca-na-gestao-colaborativa-de-recursos-naturais-e-territorios\/\" tabindex=\"-1\" ><div class=\"elementor-post__thumbnail\"><img decoding=\"async\" width=\"300\" height=\"169\" src=\"https:\/\/amazonconservationconnections.com\/wp-content\/uploads\/2025\/09\/poc-amazon-300x169.png\" class=\"attachment-medium size-medium wp-image-3997\" alt=\"\" srcset=\"https:\/\/amazonconservationconnections.com\/wp-content\/uploads\/2025\/09\/poc-amazon-300x169.png 300w, https:\/\/amazonconservationconnections.com\/wp-content\/uploads\/2025\/09\/poc-amazon-1024x576.png 1024w, https:\/\/amazonconservationconnections.com\/wp-content\/uploads\/2025\/09\/poc-amazon-768x432.png 768w, https:\/\/amazonconservationconnections.com\/wp-content\/uploads\/2025\/09\/poc-amazon.png 1280w\" sizes=\"(max-width: 300px) 100vw, 300px\" \/><\/div><\/a>\n\t\t\t\t<div class=\"elementor-post__text\">\n\t\t\t\t<h3 class=\"elementor-post__title\">\n\t\t\t<a href=\"https:\/\/amazonconservationconnections.com\/pt-br\/oficina-pan-amazonica-foca-na-gestao-colaborativa-de-recursos-naturais-e-territorios\/\" >\n\t\t\t\tOficina Pan-Amaz\u00f4nica Foca na Gest\u00e3o Colaborativa de Recursos Naturais e Territ\u00f3rios\t\t\t<\/a>\n\t\t<\/h3>\n\t\t\t\t<div class=\"elementor-post__excerpt\">\n\t\t\t<p>Encontro de tr\u00eas dias em Manaus re\u00fane pessoas da Pan-Amaz\u00f4nia para refletir sobre aprendizados das colabora\u00e7\u00f5es bem-sucedidas em conserva\u00e7\u00e3o biocultural entre povos locais, governo e parceiros.<\/p>\n\t\t<\/div>\n\t\t\n\t\t<a class=\"elementor-post__read-more\" href=\"https:\/\/amazonconservationconnections.com\/pt-br\/oficina-pan-amazonica-foca-na-gestao-colaborativa-de-recursos-naturais-e-territorios\/\" aria-label=\"Leia mais sobre Oficina Pan-Amaz\u00f4nica Foca na Gest\u00e3o Colaborativa de Recursos Naturais e Territ\u00f3rios\" tabindex=\"-1\" >\n\t\t\tLeia Mais \u00bb\t\t<\/a>\n\n\t\t\t\t<\/div>\n\t\t\t\t\t<\/div>\n\t\t<\/article>\n\t\t\t\t<article class=\"elementor-post elementor-grid-item post-3655 post type-post status-publish format-standard has-post-thumbnail hentry category-noticias\" role=\"listitem\">\n\t\t\t<div class=\"elementor-post__card\">\n\t\t\t\t<a class=\"elementor-post__thumbnail__link\" href=\"https:\/\/amazonconservationconnections.com\/pt-br\/workshop-na-bolivia-impulsionara-lideranca-juvenil-e-transformacao-institucional-para-a-conservacao-amazonica\/\" tabindex=\"-1\" ><div class=\"elementor-post__thumbnail\"><img loading=\"lazy\" decoding=\"async\" width=\"300\" height=\"169\" src=\"https:\/\/amazonconservationconnections.com\/wp-content\/uploads\/2025\/07\/Workshop-in-Bolivia-Promotes-Youth-Leadership-and-Institutional-Transformation-for-Amazon-Conservation-300x169.png\" class=\"attachment-medium size-medium wp-image-3637\" alt=\"\" srcset=\"https:\/\/amazonconservationconnections.com\/wp-content\/uploads\/2025\/07\/Workshop-in-Bolivia-Promotes-Youth-Leadership-and-Institutional-Transformation-for-Amazon-Conservation-300x169.png 300w, https:\/\/amazonconservationconnections.com\/wp-content\/uploads\/2025\/07\/Workshop-in-Bolivia-Promotes-Youth-Leadership-and-Institutional-Transformation-for-Amazon-Conservation-1024x576.png 1024w, https:\/\/amazonconservationconnections.com\/wp-content\/uploads\/2025\/07\/Workshop-in-Bolivia-Promotes-Youth-Leadership-and-Institutional-Transformation-for-Amazon-Conservation-768x432.png 768w, https:\/\/amazonconservationconnections.com\/wp-content\/uploads\/2025\/07\/Workshop-in-Bolivia-Promotes-Youth-Leadership-and-Institutional-Transformation-for-Amazon-Conservation.png 1280w\" sizes=\"(max-width: 300px) 100vw, 300px\" \/><\/div><\/a>\n\t\t\t\t<div class=\"elementor-post__text\">\n\t\t\t\t<h3 class=\"elementor-post__title\">\n\t\t\t<a href=\"https:\/\/amazonconservationconnections.com\/pt-br\/workshop-na-bolivia-impulsionara-lideranca-juvenil-e-transformacao-institucional-para-a-conservacao-amazonica\/\" >\n\t\t\t\tWorkshop na Bol\u00edvia impulsionar\u00e1 lideran\u00e7a juvenil e transforma\u00e7\u00e3o institucional para a conserva\u00e7\u00e3o amaz\u00f4nica\t\t\t<\/a>\n\t\t<\/h3>\n\t\t\t\t<div class=\"elementor-post__excerpt\">\n\t\t\t<p>O evento re\u00fane educadores, jovens l\u00edderes e organiza\u00e7\u00f5es-chave de toda a Bacia Amaz\u00f4nica.<\/p>\n<p>De 29 a 31 de julho de 2025, Santa Cruz de la Sierra, Bol\u00edvia, ser\u00e1 o palco da oficina internacional \u201cTransformando Institui\u00e7\u00f5es para Empoderar Novos L\u00edderes em Conserva\u00e7\u00e3o na Amaz\u00f4nia.\u201d<\/p>\n\t\t<\/div>\n\t\t\n\t\t<a class=\"elementor-post__read-more\" href=\"https:\/\/amazonconservationconnections.com\/pt-br\/workshop-na-bolivia-impulsionara-lideranca-juvenil-e-transformacao-institucional-para-a-conservacao-amazonica\/\" aria-label=\"Leia mais sobre Workshop na Bol\u00edvia impulsionar\u00e1 lideran\u00e7a juvenil e transforma\u00e7\u00e3o institucional para a conserva\u00e7\u00e3o amaz\u00f4nica\" tabindex=\"-1\" >\n\t\t\tLeia Mais \u00bb\t\t<\/a>\n\n\t\t\t\t<\/div>\n\t\t\t\t\t<\/div>\n\t\t<\/article>\n\t\t\t\t<article class=\"elementor-post elementor-grid-item post-3173 post type-post status-publish format-standard has-post-thumbnail hentry category-noticias\" role=\"listitem\">\n\t\t\t<div class=\"elementor-post__card\">\n\t\t\t\t<a class=\"elementor-post__thumbnail__link\" href=\"https:\/\/amazonconservationconnections.com\/pt-br\/oficina-o-que-faz-uma-rede-funcionar-na-atbc25-explora-desafios-compartilhados-e-solucoes-diversas-para-a-conservacao-tropical\/\" tabindex=\"-1\" ><div class=\"elementor-post__thumbnail\"><img loading=\"lazy\" decoding=\"async\" width=\"300\" height=\"169\" src=\"https:\/\/amazonconservationconnections.com\/wp-content\/uploads\/2025\/07\/Youtube-Thumb-300x169.png\" class=\"attachment-medium size-medium wp-image-3201\" alt=\"\" srcset=\"https:\/\/amazonconservationconnections.com\/wp-content\/uploads\/2025\/07\/Youtube-Thumb-300x169.png 300w, https:\/\/amazonconservationconnections.com\/wp-content\/uploads\/2025\/07\/Youtube-Thumb-1024x576.png 1024w, https:\/\/amazonconservationconnections.com\/wp-content\/uploads\/2025\/07\/Youtube-Thumb-768x432.png 768w, https:\/\/amazonconservationconnections.com\/wp-content\/uploads\/2025\/07\/Youtube-Thumb.png 1280w\" sizes=\"(max-width: 300px) 100vw, 300px\" \/><\/div><\/a>\n\t\t\t\t<div class=\"elementor-post__text\">\n\t\t\t\t<h3 class=\"elementor-post__title\">\n\t\t\t<a href=\"https:\/\/amazonconservationconnections.com\/pt-br\/oficina-o-que-faz-uma-rede-funcionar-na-atbc25-explora-desafios-compartilhados-e-solucoes-diversas-para-a-conservacao-tropical\/\" >\n\t\t\t\tOficina \u201cO que faz uma rede funcionar?\u201d na ATBC25 explora desafios compartilhados e solu\u00e7\u00f5es diversas para a conserva\u00e7\u00e3o tropical\t\t\t<\/a>\n\t\t<\/h3>\n\t\t\t\t<div class=\"elementor-post__excerpt\">\n\t\t\t<p>No dia 2 de julho, durante o Encontro Anual de 2025 da Associa\u00e7\u00e3o para Biologia Tropical e Conserva\u00e7\u00e3o (ATBC), o programa de Conserva\u00e7\u00e3o e Desenvolvimento Tropical (TCD) da Universidade da Fl\u00f3rida, em colabora\u00e7\u00e3o com Nina Attias (Wildlife Conservation Network) e Sabina Ribeiro (Universidade Federal do Acre), organizou uma sess\u00e3o intitulada O que faz uma rede funcionar? Chaves para o sucesso em redes de conserva\u00e7\u00e3o transfronteiri\u00e7as.<\/p>\n\t\t<\/div>\n\t\t\n\t\t<a class=\"elementor-post__read-more\" href=\"https:\/\/amazonconservationconnections.com\/pt-br\/oficina-o-que-faz-uma-rede-funcionar-na-atbc25-explora-desafios-compartilhados-e-solucoes-diversas-para-a-conservacao-tropical\/\" aria-label=\"Leia mais sobre Oficina \u201cO que faz uma rede funcionar?\u201d na ATBC25 explora desafios compartilhados e solu\u00e7\u00f5es diversas para a conserva\u00e7\u00e3o tropical\" tabindex=\"-1\" >\n\t\t\tLeia Mais \u00bb\t\t<\/a>\n\n\t\t\t\t<\/div>\n\t\t\t\t\t<\/div>\n\t\t<\/article>\n\t\t\t\t<article class=\"elementor-post elementor-grid-item post-2251 post type-post status-publish format-standard has-post-thumbnail hentry category-noticias\" role=\"listitem\">\n\t\t\t<div class=\"elementor-post__card\">\n\t\t\t\t<a class=\"elementor-post__thumbnail__link\" href=\"https:\/\/amazonconservationconnections.com\/pt-br\/universidade-brasileira-sedia-workshop-internacional-de-lancamento-de-o-poder-das-conexoes-para-a-conservacao-da-amazonia\/\" tabindex=\"-1\" ><div class=\"elementor-post__thumbnail\"><img loading=\"lazy\" decoding=\"async\" width=\"300\" height=\"169\" src=\"https:\/\/amazonconservationconnections.com\/wp-content\/uploads\/2025\/05\/post-brazil-300x169.png\" class=\"attachment-medium size-medium wp-image-2126\" alt=\"\" srcset=\"https:\/\/amazonconservationconnections.com\/wp-content\/uploads\/2025\/05\/post-brazil-300x169.png 300w, https:\/\/amazonconservationconnections.com\/wp-content\/uploads\/2025\/05\/post-brazil-1024x576.png 1024w, https:\/\/amazonconservationconnections.com\/wp-content\/uploads\/2025\/05\/post-brazil-768x432.png 768w, https:\/\/amazonconservationconnections.com\/wp-content\/uploads\/2025\/05\/post-brazil.png 1280w\" sizes=\"(max-width: 300px) 100vw, 300px\" \/><\/div><\/a>\n\t\t\t\t<div class=\"elementor-post__text\">\n\t\t\t\t<h3 class=\"elementor-post__title\">\n\t\t\t<a href=\"https:\/\/amazonconservationconnections.com\/pt-br\/universidade-brasileira-sedia-workshop-internacional-de-lancamento-de-o-poder-das-conexoes-para-a-conservacao-da-amazonia\/\" >\n\t\t\t\tUniversidade Brasileira Sedia Workshop Internacional de Lan\u00e7amento de \u201cO Poder das Conex\u00f5es\u201d para a Conserva\u00e7\u00e3o da Amaz\u00f4nia\t\t\t<\/a>\n\t\t<\/h3>\n\t\t\t\t<div class=\"elementor-post__excerpt\">\n\t\t\t<p>De 28 a 31 de maio de 2025, o Instituto de Pesquisas Ecol\u00f3gicas \u2013 IP\u00ca e a Escola Superior de Conserva\u00e7\u00e3o Ambiental e Sustentabilidade \u2013 ESCAS, localizados em Nazar\u00e9 Paulista, S\u00e3o Paulo, Brasil, sediam o workshop inaugural de O Poder das Conex\u00f5es: Colhendo Li\u00e7\u00f5es e Fortalecendo Coaliz\u00f5es para a Conserva\u00e7\u00e3o Amaz\u00f4nica. Essa iniciativa, liderada pelo Programa de Conserva\u00e7\u00e3o e Desenvolvimento Tropical (TCD) da Universidade da Fl\u00f3rida e apoiada pela Funda\u00e7\u00e3o Gordon and Betty Moore, foi concebida para promover a conserva\u00e7\u00e3o de longo prazo na Amaz\u00f4nia, conectando atores-chave, compartilhando estrat\u00e9gias e fomentando novas lideran\u00e7as.<\/p>\n\t\t<\/div>\n\t\t\n\t\t<a class=\"elementor-post__read-more\" href=\"https:\/\/amazonconservationconnections.com\/pt-br\/universidade-brasileira-sedia-workshop-internacional-de-lancamento-de-o-poder-das-conexoes-para-a-conservacao-da-amazonia\/\" aria-label=\"Leia mais sobre Universidade Brasileira Sedia Workshop Internacional de Lan\u00e7amento de \u201cO Poder das Conex\u00f5es\u201d para a Conserva\u00e7\u00e3o da Amaz\u00f4nia\" tabindex=\"-1\" >\n\t\t\tLeia Mais \u00bb\t\t<\/a>\n\n\t\t\t\t<\/div>\n\t\t\t\t\t<\/div>\n\t\t<\/article>\n\t\t\t\t<\/div>\n\t\t\n\t\t\t\t\t\t<\/div>\n\t\t\t\t<\/div>\n\t\t\t\t<\/div>\n\t\t\t\t\t<\/div>\n\t\t\t\t<\/div>\n\t\t<div class=\"elementor-element elementor-element-1chg55g e-flex e-con-boxed e-con e-parent\" data-id=\"1chg55g\" data-element_type=\"container\" data-e-type=\"container\" data-settings=\"{&quot;background_background&quot;:&quot;classic&quot;}\">\n\t\t\t\t\t<div class=\"e-con-inner\">\n\t\t<div class=\"elementor-element elementor-element-1755b3d e-con-full e-flex e-con e-child\" data-id=\"1755b3d\" data-element_type=\"container\" data-e-type=\"container\" data-settings=\"{&quot;background_background&quot;:&quot;classic&quot;}\">\n\t\t\t\t<div class=\"elementor-element elementor-element-700c9f0 elementor-widget__width-initial elementor-widget elementor-widget-heading\" data-id=\"700c9f0\" data-element_type=\"widget\" data-e-type=\"widget\" data-widget_type=\"heading.default\">\n\t\t\t\t<div class=\"elementor-widget-container\">\n\t\t\t\t\t<h2 class=\"elementor-heading-title elementor-size-default\">Organizadores, Colaborador e Parceiro<\/h2>\t\t\t\t<\/div>\n\t\t\t\t<\/div>\n\t\t\t\t<div class=\"elementor-element elementor-element-00a90e4 elementor-arrows-position-outside elementor-widget elementor-widget-image-carousel\" data-id=\"00a90e4\" data-element_type=\"widget\" data-e-type=\"widget\" data-settings=\"{&quot;slides_to_show&quot;:&quot;4&quot;,&quot;slides_to_show_tablet&quot;:&quot;4&quot;,&quot;navigation&quot;:&quot;arrows&quot;,&quot;pause_on_hover&quot;:&quot;no&quot;,&quot;pause_on_interaction&quot;:&quot;no&quot;,&quot;image_spacing_custom&quot;:{&quot;unit&quot;:&quot;px&quot;,&quot;size&quot;:30,&quot;sizes&quot;:[]},&quot;slides_to_scroll_tablet&quot;:&quot;1&quot;,&quot;autoplay&quot;:&quot;yes&quot;,&quot;autoplay_speed&quot;:5000,&quot;speed&quot;:500,&quot;image_spacing_custom_tablet&quot;:{&quot;unit&quot;:&quot;px&quot;,&quot;size&quot;:&quot;&quot;,&quot;sizes&quot;:[]},&quot;image_spacing_custom_mobile&quot;:{&quot;unit&quot;:&quot;px&quot;,&quot;size&quot;:&quot;&quot;,&quot;sizes&quot;:[]}}\" data-widget_type=\"image-carousel.default\">\n\t\t\t\t<div class=\"elementor-widget-container\">\n\t\t\t\t\t\t\t<div class=\"elementor-image-carousel-wrapper swiper\" role=\"region\" aria-roledescription=\"carousel\" aria-label=\"Image Carousel\" dir=\"ltr\">\n\t\t\t<div class=\"elementor-image-carousel swiper-wrapper\" aria-live=\"off\">\n\t\t\t\t\t\t\t\t<div class=\"swiper-slide\" role=\"group\" aria-roledescription=\"slide\" aria-label=\"1 de 4\"><figure class=\"swiper-slide-inner\"><img decoding=\"async\" class=\"swiper-slide-image\" src=\"https:\/\/amazonconservationconnections.com\/wp-content\/uploads\/2025\/05\/uf-florida-latin.png\" alt=\"UF&#039;s Center for latin american studies logo\" \/><\/figure><\/div><div class=\"swiper-slide\" role=\"group\" aria-roledescription=\"slide\" aria-label=\"2 de 4\"><figure class=\"swiper-slide-inner\"><img decoding=\"async\" class=\"swiper-slide-image\" src=\"https:\/\/amazonconservationconnections.com\/wp-content\/uploads\/2025\/05\/TCD.png\" alt=\"TCD&#039;s logo\" \/><\/figure><\/div><div class=\"swiper-slide\" role=\"group\" aria-roledescription=\"slide\" aria-label=\"3 de 4\"><figure class=\"swiper-slide-inner\"><img decoding=\"async\" class=\"swiper-slide-image\" src=\"https:\/\/amazonconservationconnections.com\/wp-content\/uploads\/2025\/05\/UF-IFAS.png\" alt=\"logo of the University of Florida.\" \/><\/figure><\/div><div class=\"swiper-slide\" role=\"group\" aria-roledescription=\"slide\" aria-label=\"4 de 4\"><figure class=\"swiper-slide-inner\"><img decoding=\"async\" class=\"swiper-slide-image\" src=\"https:\/\/amazonconservationconnections.com\/wp-content\/uploads\/2025\/05\/moore-foudantion.png\" alt=\"Gordon and Betty Moore Foundation Logo\" \/><\/figure><\/div>\t\t\t<\/div>\n\t\t\t\t\t\t\t\t\t\t\t\t<div class=\"elementor-swiper-button elementor-swiper-button-prev\" role=\"button\" tabindex=\"0\">\n\t\t\t\t\t\t<svg aria-hidden=\"true\" class=\"e-font-icon-svg e-eicon-chevron-left\" viewBox=\"0 0 1000 1000\" xmlns=\"http:\/\/www.w3.org\/2000\/svg\"><path d=\"M646 125C629 125 613 133 604 142L308 442C296 454 292 471 292 487 292 504 296 521 308 533L604 854C617 867 629 875 646 875 663 875 679 871 692 858 704 846 713 829 713 812 713 796 708 779 692 767L438 487 692 225C700 217 708 204 708 187 708 171 704 154 692 142 675 129 663 125 646 125Z\"><\/path><\/svg>\t\t\t\t\t<\/div>\n\t\t\t\t\t<div class=\"elementor-swiper-button elementor-swiper-button-next\" role=\"button\" tabindex=\"0\">\n\t\t\t\t\t\t<svg aria-hidden=\"true\" class=\"e-font-icon-svg e-eicon-chevron-right\" viewBox=\"0 0 1000 1000\" xmlns=\"http:\/\/www.w3.org\/2000\/svg\"><path d=\"M696 533C708 521 713 504 713 487 713 471 708 454 696 446L400 146C388 133 375 125 354 125 338 125 325 129 313 142 300 154 292 171 292 187 292 204 296 221 308 233L563 492 304 771C292 783 288 800 288 817 288 833 296 850 308 863 321 871 338 875 354 875 371 875 388 867 400 854L696 533Z\"><\/path><\/svg>\t\t\t\t\t<\/div>\n\t\t\t\t\n\t\t\t\t\t\t\t\t\t<\/div>\n\t\t\t\t\t\t<\/div>\n\t\t\t\t<\/div>\n\t\t\t\t<\/div>\n\t\t\t\t\t<\/div>\n\t\t\t\t<\/div>\n\t\t<div class=\"elementor-element elementor-element-de34346 e-flex e-con-boxed e-con e-parent\" data-id=\"de34346\" data-element_type=\"container\" data-e-type=\"container\" data-settings=\"{&quot;background_background&quot;:&quot;classic&quot;}\">\n\t\t\t\t\t<div class=\"e-con-inner\">\n\t\t<div class=\"elementor-element elementor-element-fe7f792 e-grid e-con-full e-con e-child\" data-id=\"fe7f792\" data-element_type=\"container\" data-e-type=\"container\">\n\t\t<div class=\"elementor-element elementor-element-e7481d8 e-grid e-con-full e-con e-child\" data-id=\"e7481d8\" data-element_type=\"container\" data-e-type=\"container\">\n\t\t\t\t<div class=\"elementor-element elementor-element-ba02f93 elementor-widget elementor-widget-heading\" data-id=\"ba02f93\" data-element_type=\"widget\" data-e-type=\"widget\" data-widget_type=\"heading.default\">\n\t\t\t\t<div class=\"elementor-widget-container\">\n\t\t\t\t\t<h2 class=\"elementor-heading-title elementor-size-default\">Clipping<\/h2>\t\t\t\t<\/div>\n\t\t\t\t<\/div>\n\t\t\t\t<div class=\"elementor-element elementor-element-50267c5 elementor-widget elementor-widget-text-editor\" data-id=\"50267c5\" data-element_type=\"widget\" data-e-type=\"widget\" data-widget_type=\"text-editor.default\">\n\t\t\t\t<div class=\"elementor-widget-container\">\n\t\t\t\t\t\t\t\t\t<div class=\"kicker\"><p>Acompanhe nossa presen\u00e7a na m\u00eddia.<\/p><\/div>\t\t\t\t\t\t\t\t<\/div>\n\t\t\t\t<\/div>\n\t\t\t\t<\/div>\n\t\t\t\t<div class=\"elementor-element elementor-element-bc34aaa elementor-hidden-mobile elementor-widget elementor-widget-image\" data-id=\"bc34aaa\" data-element_type=\"widget\" data-e-type=\"widget\" data-widget_type=\"image.default\">\n\t\t\t\t<div class=\"elementor-widget-container\">\n\t\t\t\t\t\t\t\t\t\t\t\t\t\t\t<img loading=\"lazy\" decoding=\"async\" width=\"512\" height=\"512\" src=\"https:\/\/amazonconservationconnections.com\/wp-content\/uploads\/2025\/04\/logomarca.png\" class=\"attachment-large size-large wp-image-2030\" alt=\"\" srcset=\"https:\/\/amazonconservationconnections.com\/wp-content\/uploads\/2025\/04\/logomarca.png 512w, https:\/\/amazonconservationconnections.com\/wp-content\/uploads\/2025\/04\/logomarca-300x300.png 300w, https:\/\/amazonconservationconnections.com\/wp-content\/uploads\/2025\/04\/logomarca-150x150.png 150w\" sizes=\"(max-width: 512px) 100vw, 512px\" \/>\t\t\t\t\t\t\t\t\t\t\t\t\t\t\t<\/div>\n\t\t\t\t<\/div>\n\t\t\t\t<\/div>\n\t\t<div class=\"elementor-element elementor-element-74b43f3 e-grid e-con-full e-con e-child\" data-id=\"74b43f3\" data-element_type=\"container\" data-e-type=\"container\">\n\t\t<div class=\"elementor-element elementor-element-4b0f430 e-grid e-con-full e-con e-child\" data-id=\"4b0f430\" data-element_type=\"container\" data-e-type=\"container\">\n\t\t<div class=\"elementor-element elementor-element-410ad8f e-grid e-con-full e-con e-child\" data-id=\"410ad8f\" data-element_type=\"container\" data-e-type=\"container\">\n\t\t\t\t<div class=\"elementor-element elementor-element-0e23760 elementor-widget elementor-widget-image\" data-id=\"0e23760\" data-element_type=\"widget\" data-e-type=\"widget\" data-widget_type=\"image.default\">\n\t\t\t\t<div class=\"elementor-widget-container\">\n\t\t\t\t\t\t\t\t\t\t\t\t\t\t\t\t<a href=\"https:\/\/www.latam.ufl.edu\/blog\/2025\/tcd-receives-890000-grant-for-amazonian-research.html\" target=\"_blank\">\n\t\t\t\t\t\t\t<img decoding=\"async\" src=\"https:\/\/amazonconservationconnections.com\/wp-content\/uploads\/2025\/05\/latam.ufl_.edu_.png\" title=\"\" alt=\"\" loading=\"lazy\" \/>\t\t\t\t\t\t\t\t<\/a>\n\t\t\t\t\t\t\t\t\t\t\t\t\t\t\t<\/div>\n\t\t\t\t<\/div>\n\t\t\t\t<div class=\"elementor-element elementor-element-20baecd elementor-widget elementor-widget-heading\" data-id=\"20baecd\" data-element_type=\"widget\" data-e-type=\"widget\" data-widget_type=\"heading.default\">\n\t\t\t\t<div class=\"elementor-widget-container\">\n\t\t\t\t\t<h4 class=\"elementor-heading-title elementor-size-default\">TCD receives $890,000 grant for Amazonian research v<\/h4>\t\t\t\t<\/div>\n\t\t\t\t<\/div>\n\t\t\t\t<div class=\"elementor-element elementor-element-f43b79b elementor-widget elementor-widget-text-editor\" data-id=\"f43b79b\" data-element_type=\"widget\" data-e-type=\"widget\" data-widget_type=\"text-editor.default\">\n\t\t\t\t<div class=\"elementor-widget-container\">\n\t\t\t\t\t\t\t\t\t<div class=\"kicker\"><p>Funded by the Gordon and Betty Moore Foundation, the project includes workshops, specialized training clinics, and an Amazon Summit at UF.<\/p><\/div>\t\t\t\t\t\t\t\t<\/div>\n\t\t\t\t<\/div>\n\t\t\t\t<div class=\"elementor-element elementor-element-fb93045 elementor-align-left elementor-widget elementor-widget-button\" data-id=\"fb93045\" data-element_type=\"widget\" data-e-type=\"widget\" data-widget_type=\"button.default\">\n\t\t\t\t<div class=\"elementor-widget-container\">\n\t\t\t\t\t\t\t\t\t<div class=\"elementor-button-wrapper\">\n\t\t\t\t\t<a class=\"elementor-button elementor-button-link elementor-size-sm\" href=\"https:\/\/www.latam.ufl.edu\/blog\/2025\/tcd-receives-890000-grant-for-amazonian-research.html\" target=\"_blank\">\n\t\t\t\t\t\t<span class=\"elementor-button-content-wrapper\">\n\t\t\t\t\t\t<span class=\"elementor-button-icon\">\n\t\t\t\t<svg aria-hidden=\"true\" class=\"e-font-icon-svg e-fas-arrow-right\" viewBox=\"0 0 448 512\" xmlns=\"http:\/\/www.w3.org\/2000\/svg\"><path d=\"M190.5 66.9l22.2-22.2c9.4-9.4 24.6-9.4 33.9 0L441 239c9.4 9.4 9.4 24.6 0 33.9L246.6 467.3c-9.4 9.4-24.6 9.4-33.9 0l-22.2-22.2c-9.5-9.5-9.3-25 .4-34.3L311.4 296H24c-13.3 0-24-10.7-24-24v-32c0-13.3 10.7-24 24-24h287.4L190.9 101.2c-9.8-9.3-10-24.8-.4-34.3z\"><\/path><\/svg>\t\t\t<\/span>\n\t\t\t\t\t\t\t\t\t<span class=\"elementor-button-text\">LEIA MAIS <\/span>\n\t\t\t\t\t<\/span>\n\t\t\t\t\t<\/a>\n\t\t\t\t<\/div>\n\t\t\t\t\t\t\t\t<\/div>\n\t\t\t\t<\/div>\n\t\t\t\t<\/div>\n\t\t<div class=\"elementor-element elementor-element-ca15958 e-grid e-con-full e-con e-child\" data-id=\"ca15958\" data-element_type=\"container\" data-e-type=\"container\">\n\t\t\t\t<div class=\"elementor-element elementor-element-093fe67 elementor-widget elementor-widget-image\" data-id=\"093fe67\" data-element_type=\"widget\" data-e-type=\"widget\" data-widget_type=\"image.default\">\n\t\t\t\t<div class=\"elementor-widget-container\">\n\t\t\t\t\t\t\t\t\t\t\t\t\t\t\t\t<a href=\"https:\/\/www.escas.org.br\/pulicacoes-escas\/sociobieconomia-como-aliado-na-conservacao-da-amazonia-o-tema-foi-foi-um-dos-destaques-do-evento-sediado-pela-escas\/\" target=\"_blank\">\n\t\t\t\t\t\t\t<img loading=\"lazy\" decoding=\"async\" width=\"1200\" height=\"800\" src=\"https:\/\/amazonconservationconnections.com\/wp-content\/uploads\/2025\/06\/ESCAS.webp\" class=\"attachment-full size-full wp-image-2136\" alt=\"Sociobieconomia como aliada na conserva\u00e7\u00e3o da Amaz\u00f4nia, tema foi destaque em evento internacional sediado pela ESCAS\" srcset=\"https:\/\/amazonconservationconnections.com\/wp-content\/uploads\/2025\/06\/ESCAS.webp 1200w, https:\/\/amazonconservationconnections.com\/wp-content\/uploads\/2025\/06\/ESCAS-300x200.webp 300w, https:\/\/amazonconservationconnections.com\/wp-content\/uploads\/2025\/06\/ESCAS-1024x683.webp 1024w, https:\/\/amazonconservationconnections.com\/wp-content\/uploads\/2025\/06\/ESCAS-768x512.webp 768w\" sizes=\"(max-width: 1200px) 100vw, 1200px\" \/>\t\t\t\t\t\t\t\t<\/a>\n\t\t\t\t\t\t\t\t\t\t\t\t\t\t\t<\/div>\n\t\t\t\t<\/div>\n\t\t\t\t<div class=\"elementor-element elementor-element-54f4b52 elementor-widget elementor-widget-heading\" data-id=\"54f4b52\" data-element_type=\"widget\" data-e-type=\"widget\" data-widget_type=\"heading.default\">\n\t\t\t\t<div class=\"elementor-widget-container\">\n\t\t\t\t\t<h4 class=\"elementor-heading-title elementor-size-default\">Sociobieconomia como aliada na conserva\u00e7\u00e3o da Amaz\u00f4nia, tema foi destaque em evento internacional sediado pela ESCAS v<\/h4>\t\t\t\t<\/div>\n\t\t\t\t<\/div>\n\t\t\t\t<div class=\"elementor-element elementor-element-1a14088 elementor-widget elementor-widget-text-editor\" data-id=\"1a14088\" data-element_type=\"widget\" data-e-type=\"widget\" data-widget_type=\"text-editor.default\">\n\t\t\t\t<div class=\"elementor-widget-container\">\n\t\t\t\t\t\t\t\t\t<div class=\"kicker\"><p><span data-contrast=\"auto\">etsteVencer as barreiras do sistema econ\u00f4mico atual e fomentar um novo modelo sociobioecon\u00f4mico ( &#8230; )<\/span><\/p><\/div>\t\t\t\t\t\t\t\t<\/div>\n\t\t\t\t<\/div>\n\t\t\t\t<div class=\"elementor-element elementor-element-45873c1 elementor-align-left elementor-widget elementor-widget-button\" data-id=\"45873c1\" data-element_type=\"widget\" data-e-type=\"widget\" data-widget_type=\"button.default\">\n\t\t\t\t<div class=\"elementor-widget-container\">\n\t\t\t\t\t\t\t\t\t<div class=\"elementor-button-wrapper\">\n\t\t\t\t\t<a class=\"elementor-button elementor-button-link elementor-size-sm\" href=\"https:\/\/www.escas.org.br\/pulicacoes-escas\/sociobieconomia-como-aliado-na-conservacao-da-amazonia-o-tema-foi-foi-um-dos-destaques-do-evento-sediado-pela-escas\/\" target=\"_blank\">\n\t\t\t\t\t\t<span class=\"elementor-button-content-wrapper\">\n\t\t\t\t\t\t<span class=\"elementor-button-icon\">\n\t\t\t\t<svg aria-hidden=\"true\" class=\"e-font-icon-svg e-fas-arrow-right\" viewBox=\"0 0 448 512\" xmlns=\"http:\/\/www.w3.org\/2000\/svg\"><path d=\"M190.5 66.9l22.2-22.2c9.4-9.4 24.6-9.4 33.9 0L441 239c9.4 9.4 9.4 24.6 0 33.9L246.6 467.3c-9.4 9.4-24.6 9.4-33.9 0l-22.2-22.2c-9.5-9.5-9.3-25 .4-34.3L311.4 296H24c-13.3 0-24-10.7-24-24v-32c0-13.3 10.7-24 24-24h287.4L190.9 101.2c-9.8-9.3-10-24.8-.4-34.3z\"><\/path><\/svg>\t\t\t<\/span>\n\t\t\t\t\t\t\t\t\t<span class=\"elementor-button-text\">LEIA MAIS <\/span>\n\t\t\t\t\t<\/span>\n\t\t\t\t\t<\/a>\n\t\t\t\t<\/div>\n\t\t\t\t\t\t\t\t<\/div>\n\t\t\t\t<\/div>\n\t\t\t\t<\/div>\n\t\t<div class=\"elementor-element elementor-element-fd733f4 e-grid e-con-full e-con e-child\" data-id=\"fd733f4\" data-element_type=\"container\" data-e-type=\"container\">\n\t\t\t\t<div class=\"elementor-element elementor-element-6a32ffa elementor-widget elementor-widget-image\" data-id=\"6a32ffa\" data-element_type=\"widget\" data-e-type=\"widget\" data-widget_type=\"image.default\">\n\t\t\t\t<div class=\"elementor-widget-container\">\n\t\t\t\t\t\t\t\t\t\t\t\t\t\t\t\t<a href=\"https:\/\/ipe.org.br\/noticias\/escas-ipe-sedia-workshop-internacional-de-lancamento-de-o-poder-das-conexoes-para-a-conservacao-da-amazonia\/\" target=\"_blank\">\n\t\t\t\t\t\t\t<img loading=\"lazy\" decoding=\"async\" width=\"1200\" height=\"800\" src=\"https:\/\/amazonconservationconnections.com\/wp-content\/uploads\/2025\/06\/IPE.webp\" class=\"attachment-full size-full wp-image-2138\" alt=\"ESCAS IP\u00ca sedia Workshop Internacional de Lan\u00e7amento de \u201cO Poder das Conex\u00f5es\u201d para a Conserva\u00e7\u00e3o da Amaz\u00f4nia\" srcset=\"https:\/\/amazonconservationconnections.com\/wp-content\/uploads\/2025\/06\/IPE.webp 1200w, https:\/\/amazonconservationconnections.com\/wp-content\/uploads\/2025\/06\/IPE-300x200.webp 300w, https:\/\/amazonconservationconnections.com\/wp-content\/uploads\/2025\/06\/IPE-1024x683.webp 1024w, https:\/\/amazonconservationconnections.com\/wp-content\/uploads\/2025\/06\/IPE-768x512.webp 768w\" sizes=\"(max-width: 1200px) 100vw, 1200px\" \/>\t\t\t\t\t\t\t\t<\/a>\n\t\t\t\t\t\t\t\t\t\t\t\t\t\t\t<\/div>\n\t\t\t\t<\/div>\n\t\t\t\t<div class=\"elementor-element elementor-element-db4e469 elementor-widget elementor-widget-heading\" data-id=\"db4e469\" data-element_type=\"widget\" data-e-type=\"widget\" data-widget_type=\"heading.default\">\n\t\t\t\t<div class=\"elementor-widget-container\">\n\t\t\t\t\t<h4 class=\"elementor-heading-title elementor-size-default\">ESCAS IP\u00ca sedia Workshop Internacional de Lan\u00e7amento de \u201cO Poder das Conex\u00f5es\u201d para a Conserva\u00e7\u00e3o da Amaz\u00f4nia vv<\/h4>\t\t\t\t<\/div>\n\t\t\t\t<\/div>\n\t\t\t\t<div class=\"elementor-element elementor-element-1ca2a95 elementor-widget elementor-widget-text-editor\" data-id=\"1ca2a95\" data-element_type=\"widget\" data-e-type=\"widget\" data-widget_type=\"text-editor.default\">\n\t\t\t\t<div class=\"elementor-widget-container\">\n\t\t\t\t\t\t\t\t\t<div class=\"kicker\"><p>De 28 a 31 de maio de 2025, a ESCAS \u2013 Escola Superior de Conserva\u00e7\u00e3o Ambiental e Sustentabilidade do IP\u00ca ( &#8230; ) vv<\/p><\/div>\t\t\t\t\t\t\t\t<\/div>\n\t\t\t\t<\/div>\n\t\t\t\t<div class=\"elementor-element elementor-element-20d51b2 elementor-align-left elementor-widget elementor-widget-button\" data-id=\"20d51b2\" data-element_type=\"widget\" data-e-type=\"widget\" data-widget_type=\"button.default\">\n\t\t\t\t<div class=\"elementor-widget-container\">\n\t\t\t\t\t\t\t\t\t<div class=\"elementor-button-wrapper\">\n\t\t\t\t\t<a class=\"elementor-button elementor-button-link elementor-size-sm\" href=\"https:\/\/ipe.org.br\/noticias\/escas-ipe-sedia-workshop-internacional-de-lancamento-de-o-poder-das-conexoes-para-a-conservacao-da-amazonia\/\">\n\t\t\t\t\t\t<span class=\"elementor-button-content-wrapper\">\n\t\t\t\t\t\t<span class=\"elementor-button-icon\">\n\t\t\t\t<svg aria-hidden=\"true\" class=\"e-font-icon-svg e-fas-arrow-right\" viewBox=\"0 0 448 512\" xmlns=\"http:\/\/www.w3.org\/2000\/svg\"><path d=\"M190.5 66.9l22.2-22.2c9.4-9.4 24.6-9.4 33.9 0L441 239c9.4 9.4 9.4 24.6 0 33.9L246.6 467.3c-9.4 9.4-24.6 9.4-33.9 0l-22.2-22.2c-9.5-9.5-9.3-25 .4-34.3L311.4 296H24c-13.3 0-24-10.7-24-24v-32c0-13.3 10.7-24 24-24h287.4L190.9 101.2c-9.8-9.3-10-24.8-.4-34.3z\"><\/path><\/svg>\t\t\t<\/span>\n\t\t\t\t\t\t\t\t\t<span class=\"elementor-button-text\">LEIA MAIS <\/span>\n\t\t\t\t\t<\/span>\n\t\t\t\t\t<\/a>\n\t\t\t\t<\/div>\n\t\t\t\t\t\t\t\t<\/div>\n\t\t\t\t<\/div>\n\t\t\t\t<\/div>\n\t\t\t\t<\/div>\n\t\t\t\t<\/div>\n\t\t\t\t\t<\/div>\n\t\t\t\t<\/div>\n\t\t\t\t<\/div>\n\t\t","protected":false},"excerpt":{"rendered":"<p>Not\u00edcias e atualiza\u00e7\u00f5es do Poder das Conex\u00f5es Bem-vindo ao projeto Poder das Conex\u00f5es: Colhendo Li\u00e7\u00f5es e Fortalecendo Coaliz\u00f5es para a Conserva\u00e7\u00e3o Amaz\u00f4nica. Aqui, compartilhamos os desenvolvimentos mais recentes, resumos de eventos, hist\u00f3rias de campo e reflex\u00f5es de toda a Bacia Amaz\u00f4nica. Mantenha-se conectado com as pessoas, parcerias e ideias que est\u00e3o moldando o futuro da [&hellip;]<\/p>\n","protected":false},"author":1,"featured_media":0,"parent":0,"menu_order":0,"comment_status":"closed","ping_status":"closed","template":"","meta":{"site-sidebar-layout":"no-sidebar","site-content-layout":"page-builder","ast-site-content-layout":"full-width-container","site-content-style":"unboxed","site-sidebar-style":"unboxed","ast-global-header-display":"","ast-banner-title-visibility":"","ast-main-header-display":"","ast-hfb-above-header-display":"","ast-hfb-below-header-display":"","ast-hfb-mobile-header-display":"","site-post-title":"disabled","ast-breadcrumbs-content":"disabled","ast-featured-img":"disabled","footer-sml-layout":"","ast-disable-related-posts":"","theme-transparent-header-meta":"enabled","adv-header-id-meta":"","stick-header-meta":"enabled","header-above-stick-meta":"disabled","header-main-stick-meta":"disabled","header-below-stick-meta":"","astra-migrate-meta-layouts":"set","ast-page-background-enabled":"default","ast-page-background-meta":{"desktop":{"background-color":"var(--ast-global-color-4)","background-image":"","background-repeat":"repeat","background-position":"center center","background-size":"auto","background-attachment":"scroll","background-type":"","background-media":"","overlay-type":"","overlay-color":"","overlay-opacity":"","overlay-gradient":""},"tablet":{"background-color":"","background-image":"","background-repeat":"repeat","background-position":"center center","background-size":"auto","background-attachment":"scroll","background-type":"","background-media":"","overlay-type":"","overlay-color":"","overlay-opacity":"","overlay-gradient":""},"mobile":{"background-color":"","background-image":"","background-repeat":"repeat","background-position":"center center","background-size":"auto","background-attachment":"scroll","background-type":"","background-media":"","overlay-type":"","overlay-color":"","overlay-opacity":"","overlay-gradient":""}},"ast-content-background-meta":{"desktop":{"background-color":"var(--ast-global-color-5)","background-image":"","background-repeat":"repeat","background-position":"center center","background-size":"auto","background-attachment":"scroll","background-type":"","background-media":"","overlay-type":"","overlay-color":"","overlay-opacity":"","overlay-gradient":""},"tablet":{"background-color":"var(--ast-global-color-5)","background-image":"","background-repeat":"repeat","background-position":"center center","background-size":"auto","background-attachment":"scroll","background-type":"","background-media":"","overlay-type":"","overlay-color":"","overlay-opacity":"","overlay-gradient":""},"mobile":{"background-color":"var(--ast-global-color-5)","background-image":"","background-repeat":"repeat","background-position":"center center","background-size":"auto","background-attachment":"scroll","background-type":"","background-media":"","overlay-type":"","overlay-color":"","overlay-opacity":"","overlay-gradient":""}},"footnotes":""},"class_list":["post-2301","page","type-page","status-publish","hentry"],"_links":{"self":[{"href":"https:\/\/amazonconservationconnections.com\/pt-br\/wp-json\/wp\/v2\/pages\/2301","targetHints":{"allow":["GET"]}}],"collection":[{"href":"https:\/\/amazonconservationconnections.com\/pt-br\/wp-json\/wp\/v2\/pages"}],"about":[{"href":"https:\/\/amazonconservationconnections.com\/pt-br\/wp-json\/wp\/v2\/types\/page"}],"author":[{"embeddable":true,"href":"https:\/\/amazonconservationconnections.com\/pt-br\/wp-json\/wp\/v2\/users\/1"}],"replies":[{"embeddable":true,"href":"https:\/\/amazonconservationconnections.com\/pt-br\/wp-json\/wp\/v2\/comments?post=2301"}],"version-history":[{"count":42,"href":"https:\/\/amazonconservationconnections.com\/pt-br\/wp-json\/wp\/v2\/pages\/2301\/revisions"}],"predecessor-version":[{"id":10559,"href":"https:\/\/amazonconservationconnections.com\/pt-br\/wp-json\/wp\/v2\/pages\/2301\/revisions\/10559"}],"wp:attachment":[{"href":"https:\/\/amazonconservationconnections.com\/pt-br\/wp-json\/wp\/v2\/media?parent=2301"}],"curies":[{"name":"wp","href":"https:\/\/api.w.org\/{rel}","templated":true}]}}